{"id":26,"date":"2024-02-27T15:51:12","date_gmt":"2024-02-27T14:51:12","guid":{"rendered":"http:\/\/frarvert.synology.me\/wordpress\/?page_id=26"},"modified":"2026-05-03T13:49:47","modified_gmt":"2026-05-03T11:49:47","slug":"accueil","status":"publish","type":"page","link":"https:\/\/www.foyerruralarvert.fr\/accueil\/","title":{"rendered":"Accueil"},"content":{"rendered":"<form role=\"search\" method=\"get\" action=\"https:\/\/www.foyerruralarvert.fr\/accueil\/\" style=\"margin-right:var(--wp--preset--spacing--40);margin-left:var(--wp--preset--spacing--40);\" class=\"wp-block-search__button-outside wp-block-search__text-button aligncenter wp-block-search\"    ><label class=\"wp-block-search__label has-medium-font-size\" for=\"wp-block-search__input-1\" >Rechercher<\/label><div class=\"wp-block-search__inside-wrapper\"  style=\"width: 75%\"><input class=\"wp-block-search__input has-medium-font-size\" id=\"wp-block-search__input-1\" placeholder=\"\" value=\"\" type=\"search\" name=\"s\" required  style=\"border-width: 0px;border-style: none\"\/><button aria-label=\"Rechercher\" class=\"wp-block-search__button has-medium-font-size wp-element-button\" type=\"submit\"  style=\"border-width: 0px;border-style: none\">Rechercher<\/button><\/div><\/form>\n\n\n<div class=\"wp-block-columns is-layout-flex wp-container-core-columns-is-layout-85958d59 wp-block-columns-is-layout-flex\" style=\"padding-top:var(--wp--preset--spacing--40);padding-right:var(--wp--preset--spacing--40);padding-bottom:var(--wp--preset--spacing--40);padding-left:var(--wp--preset--spacing--40)\">\n<div class=\"wp-block-column is-vertically-aligned-top is-layout-constrained wp-container-core-column-is-layout-524bd5aa wp-block-column-is-layout-constrained\">\n<div class=\"wp-block-cover aligncenter is-light\" style=\"border-width:3px;border-radius:36px;margin-top:var(--wp--preset--spacing--80);margin-bottom:var(--wp--preset--spacing--80);padding-top:var(--wp--preset--spacing--80);padding-right:var(--wp--preset--spacing--80);padding-bottom:var(--wp--preset--spacing--80);padding-left:var(--wp--preset--spacing--80);box-shadow:var(--wp--preset--shadow--natural);min-height:294px;aspect-ratio:unset;\"><img decoding=\"async\" class=\"wp-block-cover__image-background wp-image-1682\" alt=\"\" src=\"https:\/\/www.foyerruralarvert.fr\/wp-content\/uploads\/2024\/10\/depositphotos_54743211-stock-photo-scary-jack-o-lantern-halloween.webp\" style=\"object-position:30% 7%\" data-object-fit=\"cover\" data-object-position=\"30% 7%\"\/><span aria-hidden=\"true\" class=\"wp-block-cover__background has-background-dim-0 has-background-dim\" style=\"background-color:#a5a7b9\"><\/span><div class=\"wp-block-cover__inner-container is-layout-constrained wp-container-core-cover-is-layout-4210c3ad wp-block-cover-is-layout-constrained\">\n<marquee direction=\"left\" scrollamount=\"15\" scrolldelay=\"100\" width=\"1100\" height=\"100\">\n<p><span style=\"font-family: comic sans ms, sans-serif; color: #000000;\"><strong><em><span style=\"font-size: 54pt;\">BIENVENUE AU FOYER RURAL D&rsquo;ARVERT<\/span><\/em><\/strong><\/span><\/p><\/marquee>\n<\/div><\/div>\n<\/div>\n<\/div>\n\n\n\n<p class=\"has-text-align-center has-medium-font-size\"><mark>A<\/mark><mark> <\/mark><mark>noter, certaines pages sont en travaux, merci pour votre indulgence.<\/mark><\/p>\n\n\n\n<div class=\"wp-block-group alignwide is-layout-constrained wp-block-group-is-layout-constrained\" style=\"border-style:none;border-width:0px;margin-top:0;margin-bottom:0\">\n<div class=\"wp-block-buttons alignfull has-custom-font-size has-ast-global-color-5-background-color has-background has-medium-font-size is-content-justification-center is-layout-flex wp-container-core-buttons-is-layout-f119474b wp-block-buttons-is-layout-flex\" style=\"margin-top:0;margin-bottom:0;padding-top:0;padding-right:var(--wp--preset--spacing--80);padding-bottom:0;padding-left:var(--wp--preset--spacing--80)\">\n<div class=\"wp-block-button has-custom-width wp-block-button__width-25 is-style-outline is-style-outline--2\"><a class=\"wp-block-button__link has-ast-global-color-8-color has-pale-cyan-blue-background-color has-text-color has-background has-link-color has-text-align-center has-custom-font-size wp-element-button\" href=\"https:\/\/www.foyerruralarvert.fr\" style=\"border-width:5px;border-radius:97px;font-size:27px\"><strong>ACCUEIL<\/strong><\/a><\/div>\n\n\n\n<div class=\"wp-block-button has-custom-width wp-block-button__width-25 is-style-outline is-style-outline--3\"><a class=\"wp-block-button__link has-ast-global-color-8-color has-pale-cyan-blue-background-color has-text-color has-background has-link-color has-text-align-center has-custom-font-size wp-element-button\" href=\"https:\/\/www.foyerruralarvert.fr\/presentation\/\" style=\"border-width:5px;border-radius:97px;font-size:27px\"><strong>PRESENTATION<\/strong><\/a><\/div>\n\n\n\n<div class=\"wp-block-button has-custom-width wp-block-button__width-25 is-style-outline is-style-outline--4\"><a class=\"wp-block-button__link has-ast-global-color-8-color has-pale-cyan-blue-background-color has-text-color has-background has-link-color has-text-align-center has-custom-font-size wp-element-button\" href=\"https:\/\/www.foyerruralarvert.fr\/activites\/\" style=\"border-width:5px;border-radius:97px;font-size:26px\"><strong>ACTIVITES<\/strong><\/a><\/div>\n\n\n\n<div class=\"wp-block-button has-custom-width wp-block-button__width-25 is-style-outline is-style-outline--5\"><a class=\"wp-block-button__link has-ast-global-color-8-color has-pale-cyan-blue-background-color has-text-color has-background has-link-color has-text-align-center has-custom-font-size wp-element-button\" href=\"https:\/\/www.foyerruralarvert.fr\/photos\/\" style=\"border-width:5px;border-radius:97px;font-size:27px\"><strong>PHOTOS<\/strong><\/a><\/div>\n\n\n\n<div class=\"wp-block-button has-custom-width wp-block-button__width-25 is-style-outline is-style-outline--6\"><a class=\"wp-block-button__link has-ast-global-color-8-color has-pale-cyan-blue-background-color has-text-color has-background has-link-color has-text-align-center has-custom-font-size wp-element-button\" href=\"https:\/\/www.foyerruralarvert.fr\/plan-2\/\" style=\"border-width:5px;border-radius:97px;font-size:27px\"><strong>PLAN<\/strong><\/a><\/div>\n\n\n\n<div class=\"wp-block-button has-custom-width wp-block-button__width-25 is-style-outline is-style-outline--7\"><a class=\"wp-block-button__link has-ast-global-color-8-color has-pale-cyan-blue-background-color has-text-color has-background has-link-color has-text-align-center has-custom-font-size wp-element-button\" href=\"https:\/\/www.foyerruralarvert.fr\/accueil\/chez-nos-voisins\/\" style=\"border-width:5px;border-radius:97px;font-size:27px;font-style:normal;font-weight:1000;text-transform:uppercase\"><strong>Chez Nos Voisins<\/strong><\/a><\/div>\n<\/div>\n<\/div>\n\n\n\n<p class=\"has-text-align-center has-x-large-font-size\"><strong><mark style=\"background-color:#33fb1f\" class=\"has-inline-color\">L&rsquo;ACTU DU MOMENT <\/mark><\/strong><\/p>\n\n\n\n<p class=\"has-text-align-center has-large-font-size\"><strong><mark><mark style=\"background-color:#ffef42fa;color:#000000\" class=\"has-inline-color\">AU FOYER CETTE SEMAINE : <\/mark><\/mark><\/strong><br>Mise en place de deux classeurs \u00e0 l&rsquo;entr\u00e9e des locaux du Foyer Rural d&rsquo;Arvert :<br>le premier contient les comptes rendus des Conseils d&rsquo;Administration ainsi que les statuts du Foyer Rural d&rsquo;Arvert et le r\u00e8glement int\u00e9rieur (d\u00e8s qu&rsquo;il aura \u00e9t\u00e9 actualis\u00e9) <br>Le second contient le dossier EVS<\/p>\n\n\n\n<p class=\"has-text-align-center\">Notre chaine You Tube pour notre Chorale COUP DE CHOEUR <br><\/p>\n\n\n\n<div class=\"wp-block-uagb-container uagb-block-937debb7 alignfull uagb-is-root-container\"><div class=\"uagb-container-inner-blocks-wrap\">\n<div class=\"wp-block-uagb-container uagb-block-f6abfde7\">\n<div class=\"wp-block-uagb-image uagb-block-94273c1a wp-block-uagb-image--layout-default wp-block-uagb-image--effect-static wp-block-uagb-image--align-none\"><figure class=\"wp-block-uagb-image__figure\"><a class=\"\" href=\"https:\/\/www.youtube.com\/@CoupdeCh%C5%93ur17a\" target=\"_blank\" rel=\"noreferrer noopener\"><img decoding=\"async\" srcset=\"https:\/\/www.foyerruralarvert.fr\/wp-content\/uploads\/2026\/02\/channels4_profile.jpg ,https:\/\/www.foyerruralarvert.fr\/wp-content\/uploads\/2026\/02\/channels4_profile.jpg 780w, https:\/\/www.foyerruralarvert.fr\/wp-content\/uploads\/2026\/02\/channels4_profile.jpg 360w\" sizes=\"auto, (max-width: 480px) 150px\" src=\"https:\/\/www.foyerruralarvert.fr\/wp-content\/uploads\/2026\/02\/channels4_profile.jpg\" alt=\"\" class=\"uag-image-3965\" width=\"355\" height=\"355\" title=\"channels4_profile\" loading=\"lazy\" role=\"img\"\/><\/a><\/figure><\/div>\n<\/div>\n<\/div><\/div>\n\n\n\n<div class=\"wp-block-uagb-container uagb-block-ed5ba367 alignfull uagb-is-root-container\"><div class=\"uagb-container-inner-blocks-wrap\">\n<div class=\"wp-block-columns is-layout-flex wp-container-core-columns-is-layout-28f84493 wp-block-columns-is-layout-flex\">\n<div class=\"wp-block-column is-layout-flow wp-block-column-is-layout-flow\">\n<figure class=\"wp-block-image aligncenter size-full\"><img loading=\"lazy\" decoding=\"async\" width=\"595\" height=\"842\" src=\"https:\/\/www.foyerruralarvert.fr\/wp-content\/uploads\/2026\/03\/Programme-PES-21-02-1.jpg\" alt=\"\" class=\"wp-image-4072\" srcset=\"https:\/\/www.foyerruralarvert.fr\/wp-content\/uploads\/2026\/03\/Programme-PES-21-02-1.jpg 595w, https:\/\/www.foyerruralarvert.fr\/wp-content\/uploads\/2026\/03\/Programme-PES-21-02-1-212x300.jpg 212w\" sizes=\"auto, (max-width: 595px) 100vw, 595px\" \/><\/figure>\n\n\n\n<p class=\"has-text-align-center has-vivid-red-color has-text-color has-link-color has-x-large-font-size wp-elements-6bf9d4a2ae51e70307d80d1c875e81e5\"><strong><a href=\"https:\/\/photos.app.goo.gl\/MCpZmG2duDUPC7pL8\">PHOTOS <\/a><\/strong><\/p>\n<\/div>\n\n\n\n<div class=\"wp-block-column is-layout-flow wp-block-column-is-layout-flow\">\n<h2 class=\"wp-block-heading\">Presqu&rsquo;\u00eele en Sc\u00e8ne 2026 : Une parenth\u00e8se enchant\u00e9e<\/h2>\n\n\n\n<p>Le rideau vient de tomber sur l&rsquo;\u00e9dition d&rsquo;avril 2026 de <strong>Presqu\u2019\u00eele en Sc\u00e8ne<\/strong>, et le moins que l&rsquo;on puisse dire, c&rsquo;est que le c\u0153ur de notre presqu&rsquo;\u00eele a vibr\u00e9 \u00e0 l&rsquo;unisson de la culture et du talent local.<\/p>\n\n\n\n<h3 class=\"wp-block-heading\">Un succ\u00e8s qui fait chaud au c\u0153ur<\/h3>\n\n\n\n<p>Cette ann\u00e9e, le festival a franchi un nouveau cap. Avec une <strong>fr\u00e9quentation moyenne de 150 personnes par repr\u00e9sentation<\/strong>, nos salles n&rsquo;ont pas seulement fait le plein de spectateurs : elles ont fait le plein d&rsquo;\u00e9nergie. Voir les rangs se garnir de visages familiers et de nouveaux curieux est la plus belle r\u00e9compense pour toute notre \u00e9quipe.<\/p>\n\n\n\n<h3 class=\"wp-block-heading\">La richesse de nos talents<\/h3>\n\n\n\n<p>La force de ce cru 2026 r\u00e9side sans aucun doute dans sa diversit\u00e9 :<\/p>\n\n\n\n<ul class=\"wp-block-list\">\n<li><strong>Th\u00e9\u00e2tre :<\/strong> Nos troupes locales nous ont fait passer du rire aux larmes, prouvant une fois de plus que la passion n&rsquo;a pas besoin d&rsquo;\u00eatre professionnelle pour \u00eatre bouleversante.<\/li>\n\n\n\n<li><strong>Musique :<\/strong> Les m\u00e9lodies de nos musiciens et chanteurs ont rythm\u00e9 nos soir\u00e9es, cr\u00e9ant cette atmosph\u00e8re si particuli\u00e8re, \u00e0 la fois intime et festive.<\/li>\n\n\n\n<li><strong>Hip-Hop :<\/strong> Le clou du spectacle a sans doute \u00e9t\u00e9 l&rsquo;\u00e9nergie d\u00e9bordante des enfants. Leur performance hip-hop a litt\u00e9ralement \u00e9lectris\u00e9 la sc\u00e8ne, nous rappelant que la rel\u00e8ve est pr\u00eate et pleine d&rsquo;audace.<\/li>\n<\/ul>\n\n\n\n<h3 class=\"wp-block-heading\">Plus qu&rsquo;un festival, une rencontre<\/h3>\n\n\n\n<p>Au-del\u00e0 des chiffres, on retiendra surtout les sourires \u00e9chang\u00e9s \u00e0 l&rsquo;entracte, les applaudissements nourris et cette fiert\u00e9 de voir nos jeunes et nos artistes s&rsquo;\u00e9panouir chez nous. <strong>Presqu\u2019\u00eele en Sc\u00e8ne<\/strong>, c\u2019est avant tout cela : une aventure humaine o\u00f9 chaque b\u00e9n\u00e9vole, chaque artiste et chaque spectateur a apport\u00e9 sa pierre \u00e0 l&rsquo;\u00e9difice.<\/p>\n\n\n\n<p><strong>Merci \u00e0 tous d&rsquo;avoir fait de cette \u00e9dition une r\u00e9ussite inoubliable.<\/strong><\/p>\n<\/div>\n<\/div>\n<\/div><\/div>\n\n\n\n<p class=\"has-text-align-center has-large-font-size\"><strong><mark class=\"has-inline-color\" style=\"background-color: #f8f506;\">Notre nouveau livret est disponible ici <\/mark><\/strong><\/p>\n\n\n\n<div class=\"wp-block-uagb-image aligncenter uagb-block-a756624e wp-block-uagb-image--layout-default wp-block-uagb-image--effect-static wp-block-uagb-image--align-center\"><figure class=\"wp-block-uagb-image__figure\"><a class=\"\" href=\"https:\/\/drive.google.com\/file\/d\/1N5eKSRcuxzwNSkOU9WTnMuPTlvuBoycg\/view?usp=sharing\" target=\"_blank\" rel=\"noreferrer noopener\"><img decoding=\"async\" srcset=\"https:\/\/www.foyerruralarvert.fr\/wp-content\/uploads\/2025\/08\/livret-FR-2025-2206-1-724x1024.jpg ,https:\/\/www.foyerruralarvert.fr\/wp-content\/uploads\/2025\/08\/livret-FR-2025-2206-1.jpg 780w, https:\/\/www.foyerruralarvert.fr\/wp-content\/uploads\/2025\/08\/livret-FR-2025-2206-1.jpg 360w\" sizes=\"auto, (max-width: 480px) 150px\" src=\"https:\/\/www.foyerruralarvert.fr\/wp-content\/uploads\/2025\/08\/livret-FR-2025-2206-1-724x1024.jpg\" alt=\"\" class=\"uag-image-3563\" width=\"379\" height=\"536\" title=\"livret FR 2025 2206\" loading=\"lazy\" role=\"img\"\/><\/a><\/figure><\/div>\n\n\n\n<p><\/p>\n\n\n\n<p><br><\/p>\n\n\n\n<p class=\"has-text-align-center has-large-font-size\" style=\"margin-top:var(--wp--preset--spacing--70);margin-right:var(--wp--preset--spacing--70);margin-bottom:var(--wp--preset--spacing--70);margin-left:var(--wp--preset--spacing--70);padding-right:var(--wp--preset--spacing--80);padding-left:var(--wp--preset--spacing--80)\"><strong><mark>Dans nos ateliers <\/mark><mark> <\/mark><mark> : <\/mark><\/strong><br><br><a href=\"https:\/\/www.foyerruralarvert.fr\/accueil\/deux-regards-un-meme-sujet-le-chien\/\" data-type=\"page\" data-id=\"4065\" target=\"_blank\" rel=\"noreferrer noopener\">Atelier Photo Samedi 7 Mars : Intervention de DANIELE SEGAL : Deux regards, un m\u00eame sujet : Le Chien <\/a><\/p>\n\n\n\n<p class=\"has-large-font-size\" style=\"padding-right:var(--wp--preset--spacing--80);padding-left:var(--wp--preset--spacing--80)\"><a href=\"https:\/\/www.foyerruralarvert.fr\/accueil\/genealogie\/\" data-type=\"page\" data-id=\"536\" target=\"_blank\" rel=\"noreferrer noopener\">Atelier G\u00e9n\u00e9alogie : Intervention de Monsieur HELLER (Pasteur d&rsquo;Arvert et pr\u00e9sident de la Maison de l&rsquo;histoire du protestantisme charentais )<\/a><\/p>\n\n\n\n<div class=\"wp-block-group alignwide is-layout-constrained wp-block-group-is-layout-constrained\">\n\t\t\t<div class=\"wp-block-uagb-post-carousel uagb-post-grid  uagb-post__image-position-top uagb-post__image-enabled uagb-block-eb6af347     uagb-post__arrow-outside uagb-post__items uagb-post__columns-5 is-carousel uagb-post__columns-tablet-2 uagb-post__columns-mobile-1 uagb-post__carousel_equal-height\" data-total=\"1\" style=\"\">\n\n\t\t\t\t\t\t\t\t\t\t\t\t<article class=\"uagb-post__inner-wrap\">\t\t\t\t\t\t\t\t<h4 class=\"uagb-post__title uagb-post__text\">\n\t\t\t\t<a href=\"https:\/\/www.foyerruralarvert.fr\/accueil\/event\/randonnee-traditionnelle-du-vendredi-1-er-mai-2026-le-grand-village-plage-11-km\/\" target=\"_blank\" rel=\"bookmark noopener noreferrer\">RANDONNEE TRADITIONNELLE DU VENDREDI 8 MAI 2026 Neuille sur seudre<\/a>\n\t\t\t<\/h4>\n\t\t\t\t\t\t<div class='uagb-post__text uagb-post-grid-byline'>\n\t\t\t\t\t\t\t<\/div>\n\t\t\t\t\t\t\t<div class='uagb-post__text uagb-post__excerpt'>\n\t\t\t\t\t<strong>Rando Tranquille du Vendredi 8 Mai 2026 \u2013 Nieulle sur Seudre \u2013 7 km<\/strong>\r\n<span style=\"font-family: Arial\">\u00a0<\/span>\r\n\r\nRendez-vous \u00e0 13h15 au parking de la salle des f\u00eates d&rsquo;Arvert pour comptage.\r\n\r\nD\u00e9part \u00e0 13h30.\r\n\r\nD\u00e9part \u00e0\u00a0<strong>14h00\u00a0<\/strong>du\u00a0parking de l&rsquo;\u00e9cole de Nieulle sur Seudre, 3, Rue Isaac Garesch\u00e9 (entre le temple et la mairie ).\r\n\r\nLa randonn\u00e9e nous fera d\u00e9couvrir Nieulle sur Seudre, les marais environnants et le petit Port Paradis.\r\n\r\nParcours sans aucune difficult\u00e9.\r\n\r\nResponsables rando :\u00a0\u00a0\u00a0\u00a0\u00a0 Olivier\u00a0\u00a0\u00a0\u00a0 Port : 06 20 49 50 33\r\n\r\n<wbr \/>\u00a0\u00a0\u00a0\u00a0\u00a0\u00a0\u00a0\u00a0\u00a0 Philippe\u00a0\u00a0 Port : 06 81 45 23 86\r\n\r\n<wbr \/>\u00a0\u00a0\u00a0\u00a0\u00a0\u00a0\u00a0\u00a0\u00a0 Jacky\u00a0\u00a0\u00a0\u00a0\u00a0\u00a0 Port : 06 80 42 02 27\r\n\r\n&nbsp;\r\n\r\n<strong style=\"color: #ff0000;font-size: 16px\">Etant ici \u00e9galement rappel\u00e9 que les participants doivent \u00eatre imp\u00e9rativement \u00e0 jour de leur adh\u00e9sion au Foyer Rural d\u2019Arvert afin d\u2019\u00eatre pris en charge par la compagnie d\u2019assurance de celui-ci.<\/strong>\r\n\r\n&nbsp;\r\n\r\n<img loading=\"lazy\" decoding=\"async\" class=\"alignnone wp-image-4426 aligncenter\" src=\"https:\/\/www.foyerruralarvert.fr\/wp-content\/uploads\/2026\/03\/unnamed-300x173.jpg\" alt=\"\" width=\"428\" height=\"247\" srcset=\"https:\/\/www.foyerruralarvert.fr\/wp-content\/uploads\/2026\/03\/unnamed-300x173.jpg 300w, https:\/\/www.foyerruralarvert.fr\/wp-content\/uploads\/2026\/03\/unnamed-768x444.jpg 768w, https:\/\/www.foyerruralarvert.fr\/wp-content\/uploads\/2026\/03\/unnamed-1024x592.jpg 1024w, https:\/\/www.foyerruralarvert.fr\/wp-content\/uploads\/2026\/03\/unnamed.jpg 1080w\" sizes=\"auto, (max-width: 428px) 100vw, 428px\" \/>\r\n\r\n&nbsp;\r\n\r\n&nbsp;\r\n\r\n&nbsp;\t\t\t\t<\/div>\n\t\t\t\t\t\t<div class=\"uagb-post__text uagb-post__cta wp-block-button\">\n\t\t\t\t<a class=\"wp-block-button__link uagb-text-link\" style=\"\" href=\"https:\/\/www.foyerruralarvert.fr\/accueil\/event\/randonnee-traditionnelle-du-vendredi-1-er-mai-2026-le-grand-village-plage-11-km\/\" target=\"_blank\" rel=\"bookmark noopener noreferrer\">Lire la suite<\/a>\n\t\t\t<\/div>\n\t\t\t\n\t\t\t\t\t\t\t\t\t<\/article>\n\t\t\t\t\t\t\t\t\t\t\t<\/div>\n\t\t\t\n\n\n<div  class=\"tribe-compatibility-container\" >\n\t<div\n\t\t class=\"tribe-common tribe-events tribe-events-view tribe-events-view--widget-events-list tribe-events-widget\" \t\tdata-js=\"tribe-events-view\"\n\t\tdata-view-rest-url=\"https:\/\/www.foyerruralarvert.fr\/accueil\/wp-json\/tribe\/views\/v2\/html\"\n\t\tdata-view-manage-url=\"1\"\n\t\t\t\t\t\t\tdata-view-breakpoint-pointer=\"1b77985c-d1ec-4e49-8bb5-ac76ae88e969\"\n\t\t\t>\n\t\t<div class=\"tribe-events-widget-events-list\">\n\n\t\t\t\n\t\t\t<script data-js=\"tribe-events-view-data\" type=\"application\/json\">\n\t{\"slug\":\"widget-events-list\",\"prev_url\":\"\",\"next_url\":\"\",\"view_class\":\"Tribe\\\\Events\\\\Views\\\\V2\\\\Views\\\\Widgets\\\\Widget_List_View\",\"view_slug\":\"widget-events-list\",\"view_label\":\"View\",\"view\":null,\"should_manage_url\":true,\"id\":null,\"alias-slugs\":null,\"title\":\"\\u00c9v\\u00e8nements depuis 3 mai \\u2013 8 mai \\u2013 FOYER RURAL D'ARVERT\",\"limit\":\"5\",\"no_upcoming_events\":false,\"featured_events_only\":false,\"jsonld_enable\":false,\"tribe_is_list_widget\":false,\"admin_fields\":{\"title\":{\"label\":\"Titre\\u00a0:\",\"type\":\"text\",\"parent_classes\":\"\",\"classes\":\"\",\"dependency\":\"\",\"id\":\"widget-tribe-widget-events-list--1-title\",\"name\":\"widget-tribe-widget-events-list[-1][title]\",\"options\":[],\"placeholder\":\"\",\"value\":null},\"limit\":{\"label\":\"Afficher\\u00a0:\",\"type\":\"number\",\"default\":5,\"min\":1,\"max\":10,\"step\":1,\"parent_classes\":\"\",\"classes\":\"\",\"dependency\":\"\",\"id\":\"widget-tribe-widget-events-list--1-limit\",\"name\":\"widget-tribe-widget-events-list[-1][limit]\",\"options\":[],\"placeholder\":\"\",\"value\":null},\"no_upcoming_events\":{\"label\":\"Cacher ce widget s\\u2019il n\\u2019y a pas d\\u2019\\u00e9v\\u00e8nements \\u00e0 venir.\",\"type\":\"checkbox\",\"parent_classes\":\"\",\"classes\":\"\",\"dependency\":\"\",\"id\":\"widget-tribe-widget-events-list--1-no_upcoming_events\",\"name\":\"widget-tribe-widget-events-list[-1][no_upcoming_events]\",\"options\":[],\"placeholder\":\"\",\"value\":null},\"featured_events_only\":{\"label\":\"Limiter uniquement pour les \\u00e9v\\u00e8nements mis en avant\",\"type\":\"checkbox\",\"parent_classes\":\"\",\"classes\":\"\",\"dependency\":\"\",\"id\":\"widget-tribe-widget-events-list--1-featured_events_only\",\"name\":\"widget-tribe-widget-events-list[-1][featured_events_only]\",\"options\":[],\"placeholder\":\"\",\"value\":null},\"jsonld_enable\":{\"label\":\"G\\u00e9n\\u00e9rer les donn\\u00e9es JSON-LD\",\"type\":\"checkbox\",\"parent_classes\":\"\",\"classes\":\"\",\"dependency\":\"\",\"id\":\"widget-tribe-widget-events-list--1-jsonld_enable\",\"name\":\"widget-tribe-widget-events-list[-1][jsonld_enable]\",\"options\":[],\"placeholder\":\"\",\"value\":null}},\"events\":[4019],\"url\":\"https:\\\/\\\/www.foyerruralarvert.fr\\\/accueil\\\/?post_type=tribe_events&eventDisplay=widget-events-list\",\"url_event_date\":false,\"bar\":{\"keyword\":\"\",\"date\":\"\"},\"today\":\"2026-05-03 00:00:00\",\"now\":\"2026-05-03 14:39:47\",\"home_url\":\"https:\\\/\\\/www.foyerruralarvert.fr\\\/accueil\",\"rest_url\":\"https:\\\/\\\/www.foyerruralarvert.fr\\\/accueil\\\/wp-json\\\/tribe\\\/views\\\/v2\\\/html\",\"rest_method\":\"GET\",\"rest_nonce\":\"\",\"today_url\":\"https:\\\/\\\/www.foyerruralarvert.fr\\\/accueil\\\/?post_type=tribe_events&eventDisplay=widget-events-list&rest_route=%2Fwp%2Fv2%2Fpages%2F26\",\"today_title\":\"Cliquer pour s\\u00e9lectionner la date du jour\",\"today_label\":\"Aujourd\\u2019hui\",\"prev_label\":\"\",\"next_label\":\"\",\"date_formats\":{\"compact\":\"d\\\/m\\\/Y\",\"month_and_year_compact\":\"m\\\/Y\",\"month_and_year\":\"F Y\",\"time_range_separator\":\" - \",\"date_time_separator\":\":\"},\"messages\":[],\"start_of_week\":\"1\",\"header_title\":\"\",\"header_title_element\":\"h1\",\"content_title\":\"\",\"show_content_title\":false,\"breadcrumbs\":[],\"backlink\":false,\"before_events\":\"\",\"after_events\":\"\\n<!--\\nThis calendar is powered by The Events Calendar.\\nhttp:\\\/\\\/evnt.is\\\/18wn\\n-->\\n\",\"display_events_bar\":false,\"disable_event_search\":false,\"live_refresh\":true,\"ical\":{\"display_link\":true,\"link\":{\"url\":\"https:\\\/\\\/www.foyerruralarvert.fr\\\/accueil\\\/?post_type=tribe_events&#038;eventDisplay=widget-events-list&#038;ical=1\",\"text\":\"Exporter \\u00c9v\\u00e8nements\",\"title\":\"Utilisez ceci pour partager les donn\\u00e9es de calendrier avec Google Calendar, Apple iCal et d\\u2019autres applications compatibles\"}},\"container_classes\":[\"tribe-common\",\"tribe-events\",\"tribe-events-view\",\"tribe-events-view--widget-events-list\",\"tribe-events-widget\"],\"container_data\":[],\"is_past\":false,\"breakpoints\":{\"xsmall\":500,\"medium\":768,\"full\":960},\"breakpoint_pointer\":\"1b77985c-d1ec-4e49-8bb5-ac76ae88e969\",\"is_initial_load\":false,\"public_views\":{\"list\":{\"view_class\":\"Tribe\\\\Events\\\\Views\\\\V2\\\\Views\\\\List_View\",\"view_url\":\"https:\\\/\\\/www.foyerruralarvert.fr\\\/accueil\\\/events\\\/liste\\\/\",\"view_label\":\"Liste\",\"aria_label\":\"Display \\u00c9v\\u00e8nements in Liste View\"},\"month\":{\"view_class\":\"Tribe\\\\Events\\\\Views\\\\V2\\\\Views\\\\Month_View\",\"view_url\":\"https:\\\/\\\/www.foyerruralarvert.fr\\\/accueil\\\/events\\\/mois\\\/\",\"view_label\":\"Mois\",\"aria_label\":\"Display \\u00c9v\\u00e8nements in Mois View\"},\"day\":{\"view_class\":\"Tribe\\\\Events\\\\Views\\\\V2\\\\Views\\\\Day_View\",\"view_url\":\"https:\\\/\\\/www.foyerruralarvert.fr\\\/accueil\\\/events\\\/aujourdhui\\\/\",\"view_label\":\"Jour\",\"aria_label\":\"Display \\u00c9v\\u00e8nements in Jour View\"}},\"show_latest_past\":false,\"past\":false,\"compatibility_classes\":[\"tribe-compatibility-container\"],\"view_more_text\":\"Voir le calendrier\",\"view_more_title\":\"Voir plus d\\u2019\\u00e9v\\u00e8nements.\",\"view_more_link\":\"https:\\\/\\\/www.foyerruralarvert.fr\\\/accueil\\\/events\\\/\",\"widget_title\":\"\\u00c9v\\u00e8nements \\u00e0 venir\",\"hide_if_no_upcoming_events\":false,\"display\":[],\"subscribe_links\":{\"gcal\":{\"label\":\"Google Agenda\",\"single_label\":\"Ajouter \\u00e0 Google Agenda\",\"visible\":true,\"block_slug\":\"hasGoogleCalendar\"},\"ical\":{\"label\":\"iCalendar\",\"single_label\":\"Ajouter \\u00e0 iCalendar\",\"visible\":true,\"block_slug\":\"hasiCal\"},\"outlook-365\":{\"label\":\"Outlook 365\",\"single_label\":\"Outlook 365\",\"visible\":true,\"block_slug\":\"hasOutlook365\"},\"outlook-live\":{\"label\":\"Outlook Live\",\"single_label\":\"Outlook Live\",\"visible\":true,\"block_slug\":\"hasOutlookLive\"},\"ics\":{\"label\":\"Exporter le fichier .ics\",\"single_label\":\"Exporter le fichier .ics\",\"visible\":true,\"block_slug\":null},\"outlook-ics\":{\"label\":\"Exporter le fichier Outlook .ics\",\"single_label\":\"Exporter le fichier Outlook .ics\",\"visible\":true,\"block_slug\":null}},\"_context\":{\"slug\":\"widget-events-list\"}}<\/script>\n\n\t\t\t\t\t\t\t<header class=\"tribe-events-widget-events-list__header\">\n\t\t\t\t\t<h2 class=\"tribe-events-widget-events-list__header-title tribe-common-h6 tribe-common-h--alt\">\n\t\t\t\t\t\t\u00c9v\u00e8nements \u00e0 venir\t\t\t\t\t<\/h2>\n\t\t\t\t<\/header>\n\t\t\t\n\t\t\t\n\t\t\t\t<div class=\"tribe-events-widget-events-list__events\">\n\t\t\t\t\t\t\t\t\t\t\t<div  class=\"tribe-common-g-row tribe-events-widget-events-list__event-row\" >\n\n\t<div class=\"tribe-events-widget-events-list__event-date-tag tribe-common-g-col\">\n\t<time class=\"tribe-events-widget-events-list__event-date-tag-datetime\" datetime=\"2026-05-08\">\n\t\t<span class=\"tribe-events-widget-events-list__event-date-tag-month\">\n\t\t\tMai\t\t<\/span>\n\t\t<span class=\"tribe-events-widget-events-list__event-date-tag-daynum tribe-common-h2 tribe-common-h4--min-medium\">\n\t\t\t8\t\t<\/span>\n\t<\/time>\n<\/div>\n\n\t<div class=\"tribe-events-widget-events-list__event-wrapper tribe-common-g-col\">\n\t\t<article  class=\"tribe-events-widget-events-list__event post-4019 tribe_events type-tribe_events status-publish hentry\" >\n\t\t\t<div class=\"tribe-events-widget-events-list__event-details\">\n\n\t\t\t\t<header class=\"tribe-events-widget-events-list__event-header\">\n\t\t\t\t\t<div class=\"tribe-events-widget-events-list__event-datetime-wrapper tribe-common-b2 tribe-common-b3--min-medium\">\n\t\t<time class=\"tribe-events-widget-events-list__event-datetime\" datetime=\"2026-05-08\">\n\t\t<span class=\"tribe-event-date-start\">13h00<\/span> &#8211; <span class=\"tribe-event-time\">18h00<\/span>\t<\/time>\n\t<\/div>\n\t\t\t\t\t<h3 class=\"tribe-events-widget-events-list__event-title tribe-common-h7\">\n\t<a\n\t\thref=\"https:\/\/www.foyerruralarvert.fr\/accueil\/event\/randonnee-traditionnelle-du-vendredi-1-er-mai-2026-le-grand-village-plage-11-km\/\"\n\t\ttitle=\"RANDONNEE TRADITIONNELLE DU VENDREDI 8 MAI 2026 Neuille sur seudre\"\n\t\trel=\"bookmark\"\n\t\tclass=\"tribe-events-widget-events-list__event-title-link tribe-common-anchor-thin\"\n\t>\n\t\tRANDONNEE TRADITIONNELLE DU VENDREDI 8 MAI 2026 Neuille sur seudre\t<\/a>\n<\/h3>\n\t\t\t\t<\/header>\n\n\t\t\t\t\n\t\t\t<\/div>\n\t\t<\/article>\n\t<\/div>\n\n<\/div>\n\t\t\t\t\t\t\t\t\t<\/div>\n\n\t\t\t\t<div class=\"tribe-events-widget-events-list__view-more tribe-common-b1 tribe-common-b2--min-medium\">\n\t<a\n\t\thref=\"https:\/\/www.foyerruralarvert.fr\/accueil\/events\/\"\n\t\tclass=\"tribe-events-widget-events-list__view-more-link tribe-common-anchor-thin\"\n\t\ttitle=\"Voir plus d\u2019\u00e9v\u00e8nements.\"\n\t>\n\t\tVoir le calendrier\t<\/a>\n<\/div>\n\n\t\t\t\t\t<\/div>\n\t<\/div>\n<\/div>\n<script data-js='tribe-events-view-nonce-data' type='application\/json'>{\"tvn1\":\"07aa7f5efb\",\"tvn2\":\"\"}<\/script>\n<\/div>\n","protected":false},"excerpt":{"rendered":"<p>A noter, certaines pages sont en travaux, merci pour votre indulgence. L&rsquo;ACTU DU MOMENT AU FOYER CETTE SEMAINE : Mise en place de deux classeurs \u00e0 l&rsquo;entr\u00e9e des locaux du [&hellip;]<\/p>\n","protected":false},"author":1,"featured_media":0,"parent":0,"menu_order":0,"comment_status":"open","ping_status":"closed","template":"","meta":{"_uag_custom_page_level_css":"","site-sidebar-layout":"default","site-content-layout":"","ast-site-content-layout":"default","site-content-style":"default","site-sidebar-style":"default","ast-global-header-display":"","ast-banner-title-visibility":"","ast-main-header-display":"","ast-hfb-above-header-display":"","ast-hfb-below-header-display":"","ast-hfb-mobile-header-display":"","site-post-title":"","ast-breadcrumbs-content":"","ast-featured-img":"","footer-sml-layout":"","ast-disable-related-posts":"","theme-transparent-header-meta":"","adv-header-id-meta":"","stick-header-meta":"","header-above-stick-meta":"","header-main-stick-meta":"","header-below-stick-meta":"","astra-migrate-meta-layouts":"default","ast-page-background-enabled":"default","ast-page-background-meta":{"desktop":{"background-color":"var(--ast-global-color-4)","background-image":"","background-repeat":"repeat","background-position":"center center","background-size":"auto","background-attachment":"scroll","background-type":"","background-media":"","overlay-type":"","overlay-color":"","overlay-opacity":"","overlay-gradient":""},"tablet":{"background-color":"","background-image":"","background-repeat":"repeat","background-position":"center center","background-size":"auto","background-attachment":"scroll","background-type":"","background-media":"","overlay-type":"","overlay-color":"","overlay-opacity":"","overlay-gradient":""},"mobile":{"background-color":"","background-image":"","background-repeat":"repeat","background-position":"center center","background-size":"auto","background-attachment":"scroll","background-type":"","background-media":"","overlay-type":"","overlay-color":"","overlay-opacity":"","overlay-gradient":""}},"ast-content-background-meta":{"desktop":{"background-color":"var(--ast-global-color-5)","background-image":"","background-repeat":"repeat","background-position":"center center","background-size":"auto","background-attachment":"scroll","background-type":"","background-media":"","overlay-type":"","overlay-color":"","overlay-opacity":"","overlay-gradient":""},"tablet":{"background-color":"var(--ast-global-color-5)","background-image":"","background-repeat":"repeat","background-position":"center center","background-size":"auto","background-attachment":"scroll","background-type":"","background-media":"","overlay-type":"","overlay-color":"","overlay-opacity":"","overlay-gradient":""},"mobile":{"background-color":"var(--ast-global-color-5)","background-image":"","background-repeat":"repeat","background-position":"center center","background-size":"auto","background-attachment":"scroll","background-type":"","background-media":"","overlay-type":"","overlay-color":"","overlay-opacity":"","overlay-gradient":""}},"footnotes":""},"class_list":["post-26","page","type-page","status-publish","hentry"],"uagb_featured_image_src":{"full":false,"thumbnail":false,"medium":false,"medium_large":false,"large":false,"1536x1536":false,"2048x2048":false},"uagb_author_info":{"display_name":"foyerrural","author_link":"https:\/\/www.foyerruralarvert.fr\/accueil\/author\/foyerrural\/"},"uagb_comment_info":0,"uagb_excerpt":"A noter, certaines pages sont en travaux, merci pour votre indulgence. L&rsquo;ACTU DU MOMENT AU FOYER CETTE SEMAINE : Mise en place de deux classeurs \u00e0 l&rsquo;entr\u00e9e des locaux du [&hellip;]","_links":{"self":[{"href":"https:\/\/www.foyerruralarvert.fr\/accueil\/wp-json\/wp\/v2\/pages\/26","targetHints":{"allow":["GET"]}}],"collection":[{"href":"https:\/\/www.foyerruralarvert.fr\/accueil\/wp-json\/wp\/v2\/pages"}],"about":[{"href":"https:\/\/www.foyerruralarvert.fr\/accueil\/wp-json\/wp\/v2\/types\/page"}],"author":[{"embeddable":true,"href":"https:\/\/www.foyerruralarvert.fr\/accueil\/wp-json\/wp\/v2\/users\/1"}],"replies":[{"embeddable":true,"href":"https:\/\/www.foyerruralarvert.fr\/accueil\/wp-json\/wp\/v2\/comments?post=26"}],"version-history":[{"count":472,"href":"https:\/\/www.foyerruralarvert.fr\/accueil\/wp-json\/wp\/v2\/pages\/26\/revisions"}],"predecessor-version":[{"id":4431,"href":"https:\/\/www.foyerruralarvert.fr\/accueil\/wp-json\/wp\/v2\/pages\/26\/revisions\/4431"}],"wp:attachment":[{"href":"https:\/\/www.foyerruralarvert.fr\/accueil\/wp-json\/wp\/v2\/media?parent=26"}],"curies":[{"name":"wp","href":"https:\/\/api.w.org\/{rel}","templated":true}]}}