{"id":3359,"date":"2025-05-12T10:43:18","date_gmt":"2025-05-12T08:43:18","guid":{"rendered":"https:\/\/www.foyerruralarvert.fr\/accueil\/?page_id=3359"},"modified":"2026-03-15T03:16:59","modified_gmt":"2026-03-15T02:16:59","slug":"les-incorruptibles","status":"publish","type":"page","link":"https:\/\/www.foyerruralarvert.fr\/accueil\/les-incorruptibles\/","title":{"rendered":"LES INCORRUPTIBLES"},"content":{"rendered":"\n<p class=\"has-text-align-center has-vivid-green-cyan-color has-text-color has-link-color has-medium-font-size wp-elements-7404088c3332dc79b0db16d4d18dfb90\" style=\"padding-right:var(--wp--preset--spacing--70);padding-left:var(--wp--preset--spacing--70)\"><strong>Gagnant de l&rsquo;Ecole Maternelle d&rsquo;Arvert <\/strong><\/p>\n\n\n\n<div class=\"wp-block-uagb-image aligncenter uagb-block-2a0ae2a3 wp-block-uagb-image--layout-default wp-block-uagb-image--effect-static wp-block-uagb-image--align-center\"><figure class=\"wp-block-uagb-image__figure\"><img decoding=\"async\" srcset=\"https:\/\/www.foyerruralarvert.fr\/wp-content\/uploads\/2025\/05\/Capture-decran-2025-05-12-a-13.12.57.png ,https:\/\/www.foyerruralarvert.fr\/wp-content\/uploads\/2025\/05\/Capture-decran-2025-05-12-a-13.12.57.png 780w, https:\/\/www.foyerruralarvert.fr\/wp-content\/uploads\/2025\/05\/Capture-decran-2025-05-12-a-13.12.57.png 360w\" sizes=\"auto, (max-width: 480px) 150px\" src=\"https:\/\/www.foyerruralarvert.fr\/wp-content\/uploads\/2025\/05\/Capture-decran-2025-05-12-a-13.12.57.png\" alt=\"\" class=\"uag-image-3376\" width=\"271\" height=\"171\" title=\"Capture d\u2019e\u0301cran 2025-05-12 a\u0300 13.12.57\" loading=\"lazy\" role=\"img\"\/><\/figure><\/div>\n\n\n\n<p style=\"padding-right:var(--wp--preset--spacing--80);padding-left:var(--wp--preset--spacing--80)\"><br>\u00ab\u00a0Pour Carole, b\u00e9b\u00e9 martin-p\u00eacheur, aujourd&rsquo;hui est un grand jour, celui de son premier vol. Mais en l&rsquo;absence de sa maman, le d\u00e9collage, du haut de leur nid juch\u00e9 dans un arbre, s&rsquo;av\u00e8re plus p\u00e9rilleux que pr\u00e9vu&#8230;Tr\u00e8s original par son th\u00e8me et l&rsquo;expressivit\u00e9 de ses dessins, cet album l&rsquo;est aussi par la manipulation qu&rsquo;il demande au lecteur : celui-ci doit le basculer \u00e0 90 degr\u00e9s vers la droite pour en commencer l&rsquo;histoire. De sorte que l&rsquo;on tourne les pages vers le haut, tandis que la jeune Carole tombe vers le bas, le format du livre rendant la chute d&rsquo;autant plus \u00e9pique et spectaculaire. Terrifi\u00e9, le tout petit martin-p\u00eacheur a ferm\u00e9 les yeux. Que va-t-il devenir?L&rsquo;utilisation experte du langage corporel ajoute au comique de l&rsquo;histoire. Chaque double-page pr\u00e9sente de nouveaux animaux assistant \u00e0 la chute : un hibou interloqu\u00e9 et ses petits, des \u00e9cureuils bondissant de branche en branche, une araign\u00e9e \u00e0 la toile<\/p>\n\n\n\n<p class=\"has-large-font-size\" style=\"padding-right:var(--wp--preset--spacing--80);padding-left:var(--wp--preset--spacing--80)\"><a href=\"https:\/\/photos.app.goo.gl\/M4yDNB3ekWp9kovS9\" target=\"_blank\" rel=\"noreferrer noopener\">Les photos de  d\u00e9roulement des votes de la maternelle <\/a><\/p>\n\n\n\n<div class=\"wp-block-uagb-container uagb-block-ba06f32d alignfull uagb-is-root-container\"><div class=\"uagb-container-inner-blocks-wrap\">\n<div class=\"wp-block-uagb-container uagb-block-b2c333b9\">\n<p class=\"has-text-align-center has-x-large-font-size\"><strong>Choix des CP <\/strong><\/p>\n\n\n\n<div class=\"wp-block-uagb-image uagb-block-47f4ba57 wp-block-uagb-image--layout-default wp-block-uagb-image--effect-static wp-block-uagb-image--align-none\"><figure class=\"wp-block-uagb-image__figure\"><img decoding=\"async\" srcset=\"https:\/\/www.foyerruralarvert.fr\/wp-content\/uploads\/2025\/05\/Capture-decran-2025-05-17-a-15.23.40.jpg ,https:\/\/www.foyerruralarvert.fr\/wp-content\/uploads\/2025\/05\/Capture-decran-2025-05-17-a-15.23.40.jpg 780w, https:\/\/www.foyerruralarvert.fr\/wp-content\/uploads\/2025\/05\/Capture-decran-2025-05-17-a-15.23.40.jpg 360w\" sizes=\"auto, (max-width: 480px) 150px\" src=\"https:\/\/www.foyerruralarvert.fr\/wp-content\/uploads\/2025\/05\/Capture-decran-2025-05-17-a-15.23.40.jpg\" alt=\"\" class=\"uag-image-3422\" width=\"201\" height=\"264\" title=\"Screenshot\" loading=\"lazy\" role=\"img\"\/><\/figure><\/div>\n\n\n\n<p>Un peu maigrichon, Alphonse a l&rsquo;air r\u00eaveur, un pull rose et les cheveux en bataille. Il a essay\u00e9 de nombreux m\u00e9tiers, pompier, plombier, banquier, antiquaire, promeneur de chiens, fleuriste, boxeur, sauveteur en mer, facteur, mais aucun ne lui convient. Alphonse cherche un travail adapt\u00e9 \u00e0 sa personnalit\u00e9.<br>Un album humoristique mettant en sc\u00e8ne un anti-h\u00e9ros farfelu dans des situations cocasses.<\/p>\n<\/div>\n\n\n\n<div class=\"wp-block-uagb-container uagb-block-121122b7\">\n<p class=\"has-text-align-center has-x-large-font-size\"><strong>Choix des CE2 \/ CM1 \/ CM2 <\/strong><\/p>\n\n\n\n<div class=\"wp-block-uagb-image uagb-block-82defb29 wp-block-uagb-image--layout-default wp-block-uagb-image--effect-static wp-block-uagb-image--align-none\"><figure class=\"wp-block-uagb-image__figure\"><img decoding=\"async\" srcset=\"https:\/\/www.foyerruralarvert.fr\/wp-content\/uploads\/2025\/05\/Capture-decran-2025-05-17-a-15.31.12.jpg ,https:\/\/www.foyerruralarvert.fr\/wp-content\/uploads\/2025\/05\/Capture-decran-2025-05-17-a-15.31.12.jpg 780w, https:\/\/www.foyerruralarvert.fr\/wp-content\/uploads\/2025\/05\/Capture-decran-2025-05-17-a-15.31.12.jpg 360w\" sizes=\"auto, (max-width: 480px) 150px\" src=\"https:\/\/www.foyerruralarvert.fr\/wp-content\/uploads\/2025\/05\/Capture-decran-2025-05-17-a-15.31.12.jpg\" alt=\"\" class=\"uag-image-3424\" width=\"231\" height=\"301\" title=\"Screenshot\" loading=\"lazy\" role=\"img\"\/><\/figure><\/div>\n\n\n\n<p><br>Dans le parc qu&rsquo;il traverse en allant faire ses courses, Franz Kafka rencontre une petite fille en pleurs, Irma. Elle a perdu sa poup\u00e9e. \u00ab&nbsp;Perdu&nbsp;? Certainement pas, elle est partie en voyage, comme le font souvent les poup\u00e9es. \u00bb Pour preuve, il lui apporte le lendemain une lettre de Soupsy, sa poup\u00e9e, tellement press\u00e9e de partir qu\u2019elle n\u2019a pas eu le temps de dire au revoir \u00e0 son amie. Les jours qui suivent, Kafka apporte d&rsquo;autres lettres \u00e0 la fillette, dans lesquelles elle raconte ses folles aventures \u00e0 travers le monde.<\/p>\n<\/div>\n<\/div><\/div>\n\n\n\n<p class=\"has-text-align-center has-x-large-font-size\"><strong>Choix des CE 1 <\/strong><\/p>\n\n\n\n<div class=\"wp-block-uagb-container uagb-block-acf53d6f alignfull uagb-is-root-container\"><div class=\"uagb-container-inner-blocks-wrap\">\n<div class=\"wp-block-uagb-container uagb-block-e85c4b84\">\n<div class=\"wp-block-uagb-image uagb-block-fc80695d wp-block-uagb-image--layout-default wp-block-uagb-image--effect-static wp-block-uagb-image--align-none\"><figure class=\"wp-block-uagb-image__figure\"><img decoding=\"async\" srcset=\"https:\/\/www.foyerruralarvert.fr\/wp-content\/uploads\/2025\/05\/Capture-decran-2025-05-17-a-15.26.48-1.jpg ,https:\/\/www.foyerruralarvert.fr\/wp-content\/uploads\/2025\/05\/Capture-decran-2025-05-17-a-15.26.48-1.jpg 780w, https:\/\/www.foyerruralarvert.fr\/wp-content\/uploads\/2025\/05\/Capture-decran-2025-05-17-a-15.26.48-1.jpg 360w\" sizes=\"auto, (max-width: 480px) 150px\" src=\"https:\/\/www.foyerruralarvert.fr\/wp-content\/uploads\/2025\/05\/Capture-decran-2025-05-17-a-15.26.48-1.jpg\" alt=\"\" class=\"uag-image-3425\" width=\"245\" height=\"334\" title=\"Screenshot\" loading=\"lazy\" role=\"img\"\/><\/figure><\/div>\n\n\n\n<p>Dans le quartier, on n\u2019a jamais vu de joueur de foot comme Madani. Avec lui, chaque match, chaque dribble, chaque but marqu\u00e9 est comment\u00e9 pendant des jours. Quand il marque, l\u2019euphorie envahit la place, gagne tout le quartier, et de chez elle, la m\u00e8re de Madani sait que son fils a marqu\u00e9. Pourtant Madani joue pieds nus. Ses copains ont h\u00e2te qu\u2019il puisse s\u2019acheter des chaussures. Comme \u00e7a, il sera encore plus fort&nbsp;! Et \u00e7a tombe bien, Madani \u00e9conomise\u2026<br><\/p>\n\n\n\n<p><\/p>\n<\/div>\n\n\n\n<div class=\"wp-block-uagb-container uagb-block-554ef485\">\n<div class=\"wp-block-uagb-image uagb-block-0d88c564 wp-block-uagb-image--layout-default wp-block-uagb-image--effect-static wp-block-uagb-image--align-none\"><figure class=\"wp-block-uagb-image__figure\"><img decoding=\"async\" srcset=\"https:\/\/www.foyerruralarvert.fr\/wp-content\/uploads\/2025\/05\/Capture-decran-2025-05-17-a-15.34.00.jpg ,https:\/\/www.foyerruralarvert.fr\/wp-content\/uploads\/2025\/05\/Capture-decran-2025-05-17-a-15.34.00.jpg 780w, https:\/\/www.foyerruralarvert.fr\/wp-content\/uploads\/2025\/05\/Capture-decran-2025-05-17-a-15.34.00.jpg 360w\" sizes=\"auto, (max-width: 480px) 150px\" src=\"https:\/\/www.foyerruralarvert.fr\/wp-content\/uploads\/2025\/05\/Capture-decran-2025-05-17-a-15.34.00.jpg\" alt=\"\" class=\"uag-image-3426\" width=\"266\" height=\"321\" title=\"Screenshot\" loading=\"lazy\" role=\"img\"\/><\/figure><\/div>\n\n\n\n<p>Cher papa, depuis un moment, on sait que tu n\u2019es pas un vrai explorateur. On sait m\u00eame que tu n\u2019existes pas. Mais c\u2019est pas grave : avec une maman comme toi, on n\u2019a pas besoin d\u2019un papa explorateur.<\/p>\n<\/div>\n\n\n\n<div class=\"wp-block-uagb-container uagb-block-bd5e64c4\">\n<div class=\"wp-block-uagb-image uagb-block-4f1015ad wp-block-uagb-image--layout-default wp-block-uagb-image--effect-static wp-block-uagb-image--align-none\"><figure class=\"wp-block-uagb-image__figure\"><img decoding=\"async\" srcset=\"https:\/\/www.foyerruralarvert.fr\/wp-content\/uploads\/2025\/05\/Capture-decran-2025-05-17-a-15.35.23.jpg ,https:\/\/www.foyerruralarvert.fr\/wp-content\/uploads\/2025\/05\/Capture-decran-2025-05-17-a-15.35.23.jpg 780w, https:\/\/www.foyerruralarvert.fr\/wp-content\/uploads\/2025\/05\/Capture-decran-2025-05-17-a-15.35.23.jpg 360w\" sizes=\"auto, (max-width: 480px) 150px\" src=\"https:\/\/www.foyerruralarvert.fr\/wp-content\/uploads\/2025\/05\/Capture-decran-2025-05-17-a-15.35.23.jpg\" alt=\"\" class=\"uag-image-3427\" width=\"223\" height=\"254\" title=\"Screenshot\" loading=\"lazy\" role=\"img\"\/><\/figure><\/div>\n\n\n\n<p>La vie de Gustave \u00e9tait bien ordinaire, jusqu\u2019au jour o\u00f9 une myst\u00e9rieuse bouteille appara\u00eet \u00e0 la surface de la mer. Comme par magie, elle le transporte dans un autre monde, celui des minuscules Poipois. Commence alors une qu\u00eate haletante pour terrasser le terrible Bartatosk. L\u2019histoire fabuleuse d\u2019un h\u00e9ros malgr\u00e9 lui.<\/p>\n<\/div>\n<\/div><\/div>\n\n\n\n<p class=\"has-large-font-size\" style=\"padding-right:var(--wp--preset--spacing--80);padding-left:var(--wp--preset--spacing--80)\"><a href=\"https:\/\/photos.app.goo.gl\/wtyuJ9PSdQiyJuED7\" target=\"_blank\" rel=\"noreferrer noopener\">Les photos du d\u00e9roulement  des votes des \u00e9l\u00e9mentaires<\/a><\/p>\n\n\n\n<p class=\"has-medium-font-size\" style=\"padding-right:var(--wp--preset--spacing--80);padding-left:var(--wp--preset--spacing--80)\"><br><br><br><br><br>Le prix des incorruptibles est un prix litt\u00e9raire jeunesse d\u00e9cern\u00e9 nationalement. <br>Il se d\u00e9roule \u00e0 chaque mois de mai. <br>Depuis 2009, le Foyer Rural d&rsquo;Arvert organise les votes en liaison \u00e9troite avec les \u00e9coles et avec la participation de la municipalit\u00e9 qui fournit urnes et isoloirs afin de re-cr\u00e9er les conditions id\u00e9ales d&rsquo;un vote. <br>Le Foyer Rural d&rsquo;Arvert, quant \u00e0 lui, fournit listes \u00e9lectorales, cartes d&rsquo;\u00e9lecteurs, bulletins de vote. Ses b\u00e9n\u00e9voles veillent au bon d\u00e9roulement du scrutin, au d\u00e9pouillement ainsi qu&rsquo;\u00e0 la proclamation des r\u00e9sultats qu&rsquo;il transf\u00e8re \u00e0 Paris. <br>C&rsquo;est un encouragement \u00e0 lire et \u00e0 la bonne le\u00e7on d&rsquo;\u00e9ducation civique.<\/p>\n\n\n\n<p class=\"has-text-align-center has-x-large-font-size\"><a href=\"https:\/\/www.foyerruralarvert.fr\/accueil\/\" data-type=\"page\" data-id=\"26\"><strong>Retour<\/strong><img loading=\"lazy\" decoding=\"async\" width=\"50\" height=\"50\" class=\"wp-image-577\" style=\"width: 50px;\" src=\"https:\/\/www.foyerruralarvert.fr\/wp-content\/uploads\/2024\/03\/retour.png\" alt=\"\" srcset=\"https:\/\/www.foyerruralarvert.fr\/wp-content\/uploads\/2024\/03\/retour.png 256w, https:\/\/www.foyerruralarvert.fr\/wp-content\/uploads\/2024\/03\/retour-150x150.png 150w\" sizes=\"auto, (max-width: 50px) 100vw, 50px\" \/><\/a><\/p>\n","protected":false},"excerpt":{"rendered":"<p>Gagnant de l&rsquo;Ecole Maternelle d&rsquo;Arvert \u00ab\u00a0Pour Carole, b\u00e9b\u00e9 martin-p\u00eacheur, aujourd&rsquo;hui est un grand jour, celui de son premier vol. Mais en l&rsquo;absence de sa maman, le d\u00e9collage, du haut de [&hellip;]<\/p>\n","protected":false},"author":1,"featured_media":0,"parent":0,"menu_order":0,"comment_status":"closed","ping_status":"closed","template":"","meta":{"_uag_custom_page_level_css":"","site-sidebar-layout":"default","site-content-layout":"","ast-site-content-layout":"default","site-content-style":"default","site-sidebar-style":"default","ast-global-header-display":"","ast-banner-title-visibility":"","ast-main-header-display":"","ast-hfb-above-header-display":"","ast-hfb-below-header-display":"","ast-hfb-mobile-header-display":"","site-post-title":"","ast-breadcrumbs-content":"","ast-featured-img":"","footer-sml-layout":"","ast-disable-related-posts":"","theme-transparent-header-meta":"","adv-header-id-meta":"","stick-header-meta":"","header-above-stick-meta":"","header-main-stick-meta":"","header-below-stick-meta":"","astra-migrate-meta-layouts":"default","ast-page-background-enabled":"default","ast-page-background-meta":{"desktop":{"background-color":"var(--ast-global-color-4)","background-image":"","background-repeat":"repeat","background-position":"center center","background-size":"auto","background-attachment":"scroll","background-type":"","background-media":"","overlay-type":"","overlay-color":"","overlay-opacity":"","overlay-gradient":""},"tablet":{"background-color":"","background-image":"","background-repeat":"repeat","background-position":"center center","background-size":"auto","background-attachment":"scroll","background-type":"","background-media":"","overlay-type":"","overlay-color":"","overlay-opacity":"","overlay-gradient":""},"mobile":{"background-color":"","background-image":"","background-repeat":"repeat","background-position":"center center","background-size":"auto","background-attachment":"scroll","background-type":"","background-media":"","overlay-type":"","overlay-color":"","overlay-opacity":"","overlay-gradient":""}},"ast-content-background-meta":{"desktop":{"background-color":"var(--ast-global-color-5)","background-image":"","background-repeat":"repeat","background-position":"center center","background-size":"auto","background-attachment":"scroll","background-type":"","background-media":"","overlay-type":"","overlay-color":"","overlay-opacity":"","overlay-gradient":""},"tablet":{"background-color":"var(--ast-global-color-5)","background-image":"","background-repeat":"repeat","background-position":"center center","background-size":"auto","background-attachment":"scroll","background-type":"","background-media":"","overlay-type":"","overlay-color":"","overlay-opacity":"","overlay-gradient":""},"mobile":{"background-color":"var(--ast-global-color-5)","background-image":"","background-repeat":"repeat","background-position":"center center","background-size":"auto","background-attachment":"scroll","background-type":"","background-media":"","overlay-type":"","overlay-color":"","overlay-opacity":"","overlay-gradient":""}},"footnotes":""},"class_list":["post-3359","page","type-page","status-publish","hentry"],"uagb_featured_image_src":{"full":false,"thumbnail":false,"medium":false,"medium_large":false,"large":false,"1536x1536":false,"2048x2048":false},"uagb_author_info":{"display_name":"foyerrural","author_link":"https:\/\/www.foyerruralarvert.fr\/accueil\/author\/foyerrural\/"},"uagb_comment_info":0,"uagb_excerpt":"Gagnant de l&rsquo;Ecole Maternelle d&rsquo;Arvert \u00ab\u00a0Pour Carole, b\u00e9b\u00e9 martin-p\u00eacheur, aujourd&rsquo;hui est un grand jour, celui de son premier vol. Mais en l&rsquo;absence de sa maman, le d\u00e9collage, du haut de [&hellip;]","_links":{"self":[{"href":"https:\/\/www.foyerruralarvert.fr\/accueil\/wp-json\/wp\/v2\/pages\/3359","targetHints":{"allow":["GET"]}}],"collection":[{"href":"https:\/\/www.foyerruralarvert.fr\/accueil\/wp-json\/wp\/v2\/pages"}],"about":[{"href":"https:\/\/www.foyerruralarvert.fr\/accueil\/wp-json\/wp\/v2\/types\/page"}],"author":[{"embeddable":true,"href":"https:\/\/www.foyerruralarvert.fr\/accueil\/wp-json\/wp\/v2\/users\/1"}],"replies":[{"embeddable":true,"href":"https:\/\/www.foyerruralarvert.fr\/accueil\/wp-json\/wp\/v2\/comments?post=3359"}],"version-history":[{"count":9,"href":"https:\/\/www.foyerruralarvert.fr\/accueil\/wp-json\/wp\/v2\/pages\/3359\/revisions"}],"predecessor-version":[{"id":4178,"href":"https:\/\/www.foyerruralarvert.fr\/accueil\/wp-json\/wp\/v2\/pages\/3359\/revisions\/4178"}],"wp:attachment":[{"href":"https:\/\/www.foyerruralarvert.fr\/accueil\/wp-json\/wp\/v2\/media?parent=3359"}],"curies":[{"name":"wp","href":"https:\/\/api.w.org\/{rel}","templated":true}]}}