{"id":3577,"date":"2025-09-01T18:01:23","date_gmt":"2025-09-01T16:01:23","guid":{"rendered":"https:\/\/www.foyerruralarvert.fr\/accueil\/?post_type=tribe_events&#038;p=3577"},"modified":"2026-04-16T11:22:28","modified_gmt":"2026-04-16T09:22:28","slug":"ranrando-tranquille-du-vendredi-2-janvier-2026-saint-augustin-7-kmdonnee-pedestrando-tranquille-du-vendredi-26-septembre-2025-la-gataudiere-7-kmre-du-5-septembre-2025","status":"publish","type":"tribe_events","link":"https:\/\/www.foyerruralarvert.fr\/accueil\/event\/ranrando-tranquille-du-vendredi-2-janvier-2026-saint-augustin-7-kmdonnee-pedestrando-tranquille-du-vendredi-26-septembre-2025-la-gataudiere-7-kmre-du-5-septembre-2025\/","title":{"rendered":"PROMENADE A VELO DU MERCREDI 22 AVRIL SABLONCEAUX"},"content":{"rendered":"<p>&nbsp;<\/p>\n<p><img loading=\"lazy\" decoding=\"async\" class=\"wp-image-4411 size-medium aligncenter\" style=\"font-weight: inherit; font-family: Arial;\" src=\"https:\/\/www.foyerruralarvert.fr\/wp-content\/uploads\/2025\/09\/SAM_1569-300x225.jpg\" alt=\"\" width=\"300\" height=\"225\" srcset=\"https:\/\/www.foyerruralarvert.fr\/wp-content\/uploads\/2025\/09\/SAM_1569-300x225.jpg 300w, https:\/\/www.foyerruralarvert.fr\/wp-content\/uploads\/2025\/09\/SAM_1569-1536x1152.jpg 1536w, https:\/\/www.foyerruralarvert.fr\/wp-content\/uploads\/2025\/09\/SAM_1569-2048x1536.jpg 2048w, https:\/\/www.foyerruralarvert.fr\/wp-content\/uploads\/2025\/09\/SAM_1569-768x576.jpg 768w, https:\/\/www.foyerruralarvert.fr\/wp-content\/uploads\/2025\/09\/SAM_1569-1024x768.jpg 1024w\" sizes=\"auto, (max-width: 300px) 100vw, 300px\" \/><\/p>\n<p>&nbsp;<\/p>\n<div dir=\"ltr\">\n<div dir=\"ltr\">\n<div>\n<div>\n<p>Bonjour \u00e0 toutes et \u00e0 tous,<\/p>\n<p><strong>Promenade \u00e0 V\u00e9lo du Mercredi 22 Avril 2026 \u2013 Sablonceaux &#8211; 32 km<\/strong><\/p>\n<p>Rendez-vous \u00e0\u00a0<strong>14h00<\/strong>\u00a0sur le parking de l\u2019abbaye de Sablonceaux (entre Saujon et Nancras).<\/p>\n<p>La randonn\u00e9e, enti\u00e8rement en campagne, nous fera notamment emprunter le c\u00e9l\u00e8bre \u201cChemin des Pr\u00eatres\u201d qui m\u00e8ne de l\u2019abbaye \u00e0 Saint-Romain de Benet.<\/p>\n<p>Animateur :\u00a0\u00a0 Pascal Guillemet\u00a0 Port : 07 83 19 61 55<\/p>\n<p>Inscription pr\u00e9alable sur le mail suivant :\u00a0<span style=\"color: #1155cc;\"><a href=\"mailto:jacky.coquillaud@wanadoo.fr\" target=\"_blank\" rel=\"noopener\">jacky.coquillaud@wanadoo.fr<\/a><\/span>\u00a0(et non celui du Foyer Rural).<\/p>\n<p><strong>Important<\/strong>\u00a0: d\u00e9sormais la participation \u00e0 nos sorties est subordonn\u00e9e \u00e0 la signature pr\u00e9alable de la \u201c<strong>D\u00e9charge de responsabilit\u00e9<\/strong>\u201d<\/p>\n<p>Elle concerne le respect du code de la route, le port du casque, les consignes pour rouler en groupe&#8230; Cette d\u00e9charge est donn\u00e9e une seule fois pour toutes les sorties.<\/p>\n<p><span style=\"color: #ff0000;\">Etant ici \u00e9galement rappel\u00e9 que les participants doivent \u00eatre imp\u00e9rativement \u00e0 jour de leur adh\u00e9sion au Foyer Rural d\u2019Arvert afin d\u2019\u00eatre pris en charge par la compagnie d\u2019assurance de celui-ci.<\/span><\/p>\n<\/div>\n<\/div>\n<\/div>\n<\/div>\n<p><span style=\"font-family: Arial;\"><span style=\"font-size: 18pt;\"><strong><span style=\"color: #000000;\">\u00a0 \u00a0 \u00a0<\/span> <\/strong><\/span>\u00a0 \u00a0 \u00a0 \u00a0 \u00a0 \u00a0 \u00a0<\/span><\/p>\n<p>&nbsp;<\/p>\n<p>&nbsp;<\/p>\n<p>&nbsp;<\/p>\n","protected":false},"excerpt":{"rendered":"<p>&nbsp; &nbsp; Bonjour \u00e0 toutes et \u00e0 tous, Promenade \u00e0 V\u00e9lo du Mercredi 22 Avril 2026 \u2013 Sablonceaux &#8211; 32 km Rendez-vous \u00e0\u00a014h00\u00a0sur le parking de l\u2019abbaye de Sablonceaux (entre [&hellip;]<\/p>\n","protected":false},"author":1,"featured_media":0,"template":"","meta":{"_uag_custom_page_level_css":"","site-sidebar-layout":"default","site-content-layout":"","ast-site-content-layout":"default","site-content-style":"default","site-sidebar-style":"default","ast-global-header-display":"","ast-banner-title-visibility":"","ast-main-header-display":"","ast-hfb-above-header-display":"","ast-hfb-below-header-display":"","ast-hfb-mobile-header-display":"","site-post-title":"","ast-breadcrumbs-content":"","ast-featured-img":"","footer-sml-layout":"","ast-disable-related-posts":"","theme-transparent-header-meta":"default","adv-header-id-meta":"","stick-header-meta":"","header-above-stick-meta":"","header-main-stick-meta":"","header-below-stick-meta":"","astra-migrate-meta-layouts":"set","ast-page-background-enabled":"default","ast-page-background-meta":{"desktop":{"background-color":"var(--ast-global-color-4)","background-image":"","background-repeat":"repeat","background-position":"center center","background-size":"auto","background-attachment":"scroll","background-type":"","background-media":"","overlay-type":"","overlay-color":"","overlay-opacity":"","overlay-gradient":""},"tablet":{"background-color":"","background-image":"","background-repeat":"repeat","background-position":"center center","background-size":"auto","background-attachment":"scroll","background-type":"","background-media":"","overlay-type":"","overlay-color":"","overlay-opacity":"","overlay-gradient":""},"mobile":{"background-color":"","background-image":"","background-repeat":"repeat","background-position":"center center","background-size":"auto","background-attachment":"scroll","background-type":"","background-media":"","overlay-type":"","overlay-color":"","overlay-opacity":"","overlay-gradient":""}},"ast-content-background-meta":{"desktop":{"background-color":"var(--ast-global-color-5)","background-image":"","background-repeat":"repeat","background-position":"center center","background-size":"auto","background-attachment":"scroll","background-type":"","background-media":"","overlay-type":"","overlay-color":"","overlay-opacity":"","overlay-gradient":""},"tablet":{"background-color":"var(--ast-global-color-5)","background-image":"","background-repeat":"repeat","background-position":"center center","background-size":"auto","background-attachment":"scroll","background-type":"","background-media":"","overlay-type":"","overlay-color":"","overlay-opacity":"","overlay-gradient":""},"mobile":{"background-color":"var(--ast-global-color-5)","background-image":"","background-repeat":"repeat","background-position":"center center","background-size":"auto","background-attachment":"scroll","background-type":"","background-media":"","overlay-type":"","overlay-color":"","overlay-opacity":"","overlay-gradient":""}},"_tribe_events_status":"","_tribe_events_status_reason":"","footnotes":""},"tags":[],"tribe_events_cat":[],"class_list":["post-3577","tribe_events","type-tribe_events","status-publish","hentry"],"uagb_featured_image_src":{"full":false,"thumbnail":false,"medium":false,"medium_large":false,"large":false,"1536x1536":false,"2048x2048":false},"uagb_author_info":{"display_name":"foyerrural","author_link":"https:\/\/www.foyerruralarvert.fr\/accueil\/author\/foyerrural\/"},"uagb_comment_info":0,"uagb_excerpt":"&nbsp; &nbsp; Bonjour \u00e0 toutes et \u00e0 tous, Promenade \u00e0 V\u00e9lo du Mercredi 22 Avril 2026 \u2013 Sablonceaux &#8211; 32 km Rendez-vous \u00e0\u00a014h00\u00a0sur le parking de l\u2019abbaye de Sablonceaux (entre [&hellip;]","_links":{"self":[{"href":"https:\/\/www.foyerruralarvert.fr\/accueil\/wp-json\/wp\/v2\/tribe_events\/3577","targetHints":{"allow":["GET"]}}],"collection":[{"href":"https:\/\/www.foyerruralarvert.fr\/accueil\/wp-json\/wp\/v2\/tribe_events"}],"about":[{"href":"https:\/\/www.foyerruralarvert.fr\/accueil\/wp-json\/wp\/v2\/types\/tribe_events"}],"author":[{"embeddable":true,"href":"https:\/\/www.foyerruralarvert.fr\/accueil\/wp-json\/wp\/v2\/users\/1"}],"version-history":[{"count":58,"href":"https:\/\/www.foyerruralarvert.fr\/accueil\/wp-json\/wp\/v2\/tribe_events\/3577\/revisions"}],"predecessor-version":[{"id":4412,"href":"https:\/\/www.foyerruralarvert.fr\/accueil\/wp-json\/wp\/v2\/tribe_events\/3577\/revisions\/4412"}],"wp:attachment":[{"href":"https:\/\/www.foyerruralarvert.fr\/accueil\/wp-json\/wp\/v2\/media?parent=3577"}],"wp:term":[{"taxonomy":"post_tag","embeddable":true,"href":"https:\/\/www.foyerruralarvert.fr\/accueil\/wp-json\/wp\/v2\/tags?post=3577"},{"taxonomy":"tribe_events_cat","embeddable":true,"href":"https:\/\/www.foyerruralarvert.fr\/accueil\/wp-json\/wp\/v2\/tribe_events_cat?post=3577"}],"curies":[{"name":"wp","href":"https:\/\/api.w.org\/{rel}","templated":true}]}}